{"id":488,"date":"2024-08-19T10:48:27","date_gmt":"2024-08-19T10:48:27","guid":{"rendered":"https:\/\/naszaszkola.com.pl\/niepubliczne-przedszkole\/o-szkole\/dzwonki-copy\/"},"modified":"2024-10-07T09:01:33","modified_gmt":"2024-10-07T09:01:33","slug":"dlaczego-my","status":"publish","type":"page","link":"https:\/\/naszaszkola.com.pl\/niepubliczne-przedszkole\/o-przedszkolu\/dlaczego-my\/","title":{"rendered":"Dlaczego my?"},"content":{"rendered":"\t\t<div data-elementor-type=\"wp-page\" data-elementor-id=\"488\" class=\"elementor elementor-488\" data-elementor-post-type=\"page\">\n\t\t\t\t\t\t<section class=\"elementor-section elementor-top-section elementor-element elementor-element-afd4b5f elementor-section-content-middle elementor-section-boxed elementor-section-height-default elementor-section-height-default\" data-id=\"afd4b5f\" data-element_type=\"section\">\n\t\t\t\t\t\t<div class=\"elementor-container elementor-column-gap-default\">\n\t\t\t\t\t<div class=\"elementor-column elementor-col-100 elementor-top-column elementor-element elementor-element-0f87088\" data-id=\"0f87088\" data-element_type=\"column\">\n\t\t\t<div class=\"elementor-widget-wrap elementor-element-populated\">\n\t\t\t\t\t\t<div class=\"elementor-element elementor-element-480f963 dlaczego elementor-icon-list--layout-traditional elementor-list-item-link-full_width elementor-widget elementor-widget-icon-list\" data-id=\"480f963\" data-element_type=\"widget\" data-widget_type=\"icon-list.default\">\n\t\t\t\t<div class=\"elementor-widget-container\">\n\t\t\t\t\t<ul class=\"elementor-icon-list-items\">\n\t\t\t\t\t\t\t<li class=\"elementor-icon-list-item\">\n\t\t\t\t\t\t\t\t\t\t<span class=\"elementor-icon-list-text\">Jeste\u015bmy  RENOMOWANYM , niepublicznym przedszkolem z  ponad 30 \u2013 letnim  do\u015bwiadczeniem.<\/span>\n\t\t\t\t\t\t\t\t\t<\/li>\n\t\t\t\t\t\t\t\t<li class=\"elementor-icon-list-item\">\n\t\t\t\t\t\t\t\t\t\t<span class=\"elementor-icon-list-text\">Nasza kadra \u2013 to zgrane grono, \u015bwietnie przygotowanych metodycznie pasjonat\u00f3w. <\/span>\n\t\t\t\t\t\t\t\t\t<\/li>\n\t\t\t\t\t\t\t\t<li class=\"elementor-icon-list-item\">\n\t\t\t\t\t\t\t\t\t\t<span class=\"elementor-icon-list-text\">Kochamy to miejsce, uwielbiamy dzieci i ogromn\u0105 rado\u015b\u0107 sprawia nam ich u\u015bmiech i zadowolenie.<\/span>\n\t\t\t\t\t\t\t\t\t<\/li>\n\t\t\t\t\t\t\t\t<li class=\"elementor-icon-list-item\">\n\t\t\t\t\t\t\t\t\t\t<span class=\"elementor-icon-list-text\">Pozytywna samoocena jest motorem motywacji do dzia\u0142ania \u2013 budujemy zatem poczucie w\u0142asnej warto\u015bci u ka\u017cdego dziecka!<\/span>\n\t\t\t\t\t\t\t\t\t<\/li>\n\t\t\t\t\t\t<\/ul>\n\t\t\t\t<\/div>\n\t\t\t\t<\/div>\n\t\t\t\t<div class=\"elementor-element elementor-element-9a829be elementor-widget elementor-widget-text-editor\" data-id=\"9a829be\" data-element_type=\"widget\" data-widget_type=\"text-editor.default\">\n\t\t\t\t<div class=\"elementor-widget-container\">\n\t\t\t\t\t\t\t<p>NASZE PRZEDSZKOLE:<\/p>\t\t\t\t\t\t<\/div>\n\t\t\t\t<\/div>\n\t\t\t\t<div class=\"elementor-element elementor-element-2141349 elementor-icon-list--layout-traditional elementor-list-item-link-full_width elementor-widget elementor-widget-icon-list\" data-id=\"2141349\" data-element_type=\"widget\" data-widget_type=\"icon-list.default\">\n\t\t\t\t<div class=\"elementor-widget-container\">\n\t\t\t\t\t<ul class=\"elementor-icon-list-items\">\n\t\t\t\t\t\t\t<li class=\"elementor-icon-list-item\">\n\t\t\t\t\t\t\t\t\t\t\t<span class=\"elementor-icon-list-icon\">\n\t\t\t\t\t\t\t<svg aria-hidden=\"true\" class=\"e-font-icon-svg e-fas-check\" viewBox=\"0 0 512 512\" xmlns=\"http:\/\/www.w3.org\/2000\/svg\"><path d=\"M173.898 439.404l-166.4-166.4c-9.997-9.997-9.997-26.206 0-36.204l36.203-36.204c9.997-9.998 26.207-9.998 36.204 0L192 312.69 432.095 72.596c9.997-9.997 26.207-9.997 36.204 0l36.203 36.204c9.997 9.997 9.997 26.206 0 36.204l-294.4 294.401c-9.998 9.997-26.207 9.997-36.204-.001z\"><\/path><\/svg>\t\t\t\t\t\t<\/span>\n\t\t\t\t\t\t\t\t\t\t<span class=\"elementor-icon-list-text\">Czynne jest w godzinach: <b>6:30 \u2013 18:00<\/b><\/span>\n\t\t\t\t\t\t\t\t\t<\/li>\n\t\t\t\t\t\t\t\t<li class=\"elementor-icon-list-item\">\n\t\t\t\t\t\t\t\t\t\t\t<span class=\"elementor-icon-list-icon\">\n\t\t\t\t\t\t\t<svg aria-hidden=\"true\" class=\"e-font-icon-svg e-fas-check\" viewBox=\"0 0 512 512\" xmlns=\"http:\/\/www.w3.org\/2000\/svg\"><path d=\"M173.898 439.404l-166.4-166.4c-9.997-9.997-9.997-26.206 0-36.204l36.203-36.204c9.997-9.998 26.207-9.998 36.204 0L192 312.69 432.095 72.596c9.997-9.997 26.207-9.997 36.204 0l36.203 36.204c9.997 9.997 9.997 26.206 0 36.204l-294.4 294.401c-9.998 9.997-26.207 9.997-36.204-.001z\"><\/path><\/svg>\t\t\t\t\t\t<\/span>\n\t\t\t\t\t\t\t\t\t\t<span class=\"elementor-icon-list-text\">Realizuje <b>podstaw\u0119 programow\u0105 MEN<\/b> oraz nowatorskie programy edukacyjne, projekty                   i innowacje pedagogiczne (m.in.: <b>iPad w przedszkolu, Lego Education, Metoda Marii Montessori,  Dwulatki \u2013 przedszkolakami, Kodowanie na dywanie<\/b>)<\/span>\n\t\t\t\t\t\t\t\t\t<\/li>\n\t\t\t\t\t\t\t\t<li class=\"elementor-icon-list-item\">\n\t\t\t\t\t\t\t\t\t\t\t<span class=\"elementor-icon-list-icon\">\n\t\t\t\t\t\t\t<svg aria-hidden=\"true\" class=\"e-font-icon-svg e-fas-check\" viewBox=\"0 0 512 512\" xmlns=\"http:\/\/www.w3.org\/2000\/svg\"><path d=\"M173.898 439.404l-166.4-166.4c-9.997-9.997-9.997-26.206 0-36.204l36.203-36.204c9.997-9.998 26.207-9.998 36.204 0L192 312.69 432.095 72.596c9.997-9.997 26.207-9.997 36.204 0l36.203 36.204c9.997 9.997 9.997 26.206 0 36.204l-294.4 294.401c-9.998 9.997-26.207 9.997-36.204-.001z\"><\/path><\/svg>\t\t\t\t\t\t<\/span>\n\t\t\t\t\t\t\t\t\t\t<span class=\"elementor-icon-list-text\">Dba o <b>bezpiecze\u0144stwo dzieci<\/b> (kodowane wej\u015bcie, monitoring)<\/span>\n\t\t\t\t\t\t\t\t\t<\/li>\n\t\t\t\t\t\t\t\t<li class=\"elementor-icon-list-item\">\n\t\t\t\t\t\t\t\t\t\t\t<span class=\"elementor-icon-list-icon\">\n\t\t\t\t\t\t\t<svg aria-hidden=\"true\" class=\"e-font-icon-svg e-fas-check\" viewBox=\"0 0 512 512\" xmlns=\"http:\/\/www.w3.org\/2000\/svg\"><path d=\"M173.898 439.404l-166.4-166.4c-9.997-9.997-9.997-26.206 0-36.204l36.203-36.204c9.997-9.998 26.207-9.998 36.204 0L192 312.69 432.095 72.596c9.997-9.997 26.207-9.997 36.204 0l36.203 36.204c9.997 9.997 9.997 26.206 0 36.204l-294.4 294.401c-9.998 9.997-26.207 9.997-36.204-.001z\"><\/path><\/svg>\t\t\t\t\t\t<\/span>\n\t\t\t\t\t\t\t\t\t\t<span class=\"elementor-icon-list-text\">Oferuje wysoki poziom <b>wychowania i kszta\u0142cenia<\/b> oraz nale\u017cyte przygotowanie do podj\u0119cia roli ucznia w szkole podstawowej <\/span>\n\t\t\t\t\t\t\t\t\t<\/li>\n\t\t\t\t\t\t\t\t<li class=\"elementor-icon-list-item\">\n\t\t\t\t\t\t\t\t\t\t\t<span class=\"elementor-icon-list-icon\">\n\t\t\t\t\t\t\t<svg aria-hidden=\"true\" class=\"e-font-icon-svg e-fas-check\" viewBox=\"0 0 512 512\" xmlns=\"http:\/\/www.w3.org\/2000\/svg\"><path d=\"M173.898 439.404l-166.4-166.4c-9.997-9.997-9.997-26.206 0-36.204l36.203-36.204c9.997-9.998 26.207-9.998 36.204 0L192 312.69 432.095 72.596c9.997-9.997 26.207-9.997 36.204 0l36.203 36.204c9.997 9.997 9.997 26.206 0 36.204l-294.4 294.401c-9.998 9.997-26.207 9.997-36.204-.001z\"><\/path><\/svg>\t\t\t\t\t\t<\/span>\n\t\t\t\t\t\t\t\t\t\t<span class=\"elementor-icon-list-text\">Zapewnia zesp\u00f3\u0142 <b>kompetentnych, mi\u0142ych i kreatywnych<\/b> nauczycieli o wysokich kwalifikacjach<\/span>\n\t\t\t\t\t\t\t\t\t<\/li>\n\t\t\t\t\t\t\t\t<li class=\"elementor-icon-list-item\">\n\t\t\t\t\t\t\t\t\t\t\t<span class=\"elementor-icon-list-icon\">\n\t\t\t\t\t\t\t<svg aria-hidden=\"true\" class=\"e-font-icon-svg e-fas-check\" viewBox=\"0 0 512 512\" xmlns=\"http:\/\/www.w3.org\/2000\/svg\"><path d=\"M173.898 439.404l-166.4-166.4c-9.997-9.997-9.997-26.206 0-36.204l36.203-36.204c9.997-9.998 26.207-9.998 36.204 0L192 312.69 432.095 72.596c9.997-9.997 26.207-9.997 36.204 0l36.203 36.204c9.997 9.997 9.997 26.206 0 36.204l-294.4 294.401c-9.998 9.997-26.207 9.997-36.204-.001z\"><\/path><\/svg>\t\t\t\t\t\t<\/span>\n\t\t\t\t\t\t\t\t\t\t<span class=\"elementor-icon-list-text\">Posiada <b>bogat\u0105 baz\u0119 dydaktyczn\u0105<\/b> (pi\u0119kne, dobrze wyposa\u017cone sale, pracowni\u0119 montessoria\u0144sk\u0105   z unikatowymi, specjalnie opracowanymi i uporz\u0105dkowanymi pomocami edukacyjno \u2013 rozwojowymi stymuluj\u0105cymi wszystkie zmys\u0142y dziecka, sal\u0119 integracji sensorycznej,  pracowni\u0119 informatyczn\u0105 , sal\u0119 gimnastyczn\u0105, , bibliotek\u0119, sto\u0142\u00f3wk\u0119 oraz tablety, Ozoboty i Photony  do nauki programowania, Labdisc do wykonywania r\u00f3\u017cnorodnych do\u015bwiadcze\u0144, Magiczny Dywan i in.<\/span>\n\t\t\t\t\t\t\t\t\t<\/li>\n\t\t\t\t\t\t\t\t<li class=\"elementor-icon-list-item\">\n\t\t\t\t\t\t\t\t\t\t\t<span class=\"elementor-icon-list-icon\">\n\t\t\t\t\t\t\t<svg aria-hidden=\"true\" class=\"e-font-icon-svg e-fas-check\" viewBox=\"0 0 512 512\" xmlns=\"http:\/\/www.w3.org\/2000\/svg\"><path d=\"M173.898 439.404l-166.4-166.4c-9.997-9.997-9.997-26.206 0-36.204l36.203-36.204c9.997-9.998 26.207-9.998 36.204 0L192 312.69 432.095 72.596c9.997-9.997 26.207-9.997 36.204 0l36.203 36.204c9.997 9.997 9.997 26.206 0 36.204l-294.4 294.401c-9.998 9.997-26.207 9.997-36.204-.001z\"><\/path><\/svg>\t\t\t\t\t\t<\/span>\n\t\t\t\t\t\t\t\t\t\t<span class=\"elementor-icon-list-text\">Zapewnia  <b>smaczne, zdrowe i urozmaicone<\/b> posi\u0142ki  przygotowane w naszej nowocze\u015bnie wyposa\u017conej kuchni (\u015bniadanie, obiad, I podwieczorek, II podwieczorek)<\/span>\n\t\t\t\t\t\t\t\t\t<\/li>\n\t\t\t\t\t\t\t\t<li class=\"elementor-icon-list-item\">\n\t\t\t\t\t\t\t\t\t\t\t<span class=\"elementor-icon-list-icon\">\n\t\t\t\t\t\t\t<svg aria-hidden=\"true\" class=\"e-font-icon-svg e-fas-check\" viewBox=\"0 0 512 512\" xmlns=\"http:\/\/www.w3.org\/2000\/svg\"><path d=\"M173.898 439.404l-166.4-166.4c-9.997-9.997-9.997-26.206 0-36.204l36.203-36.204c9.997-9.998 26.207-9.998 36.204 0L192 312.69 432.095 72.596c9.997-9.997 26.207-9.997 36.204 0l36.203 36.204c9.997 9.997 9.997 26.206 0 36.204l-294.4 294.401c-9.998 9.997-26.207 9.997-36.204-.001z\"><\/path><\/svg>\t\t\t\t\t\t<\/span>\n\t\t\t\t\t\t\t\t\t\t<span class=\"elementor-icon-list-text\">Proponuje <b>ciekawe, r\u00f3\u017cnorodne zaj\u0119cia<\/b> oparte na do\u015bwiadczeniach i samodzielnym dzia\u0142aniu dzieci pod kierunkiem nauczyciela \u2013 przewodnika<\/span>\n\t\t\t\t\t\t\t\t\t<\/li>\n\t\t\t\t\t\t\t\t<li class=\"elementor-icon-list-item\">\n\t\t\t\t\t\t\t\t\t\t\t<span class=\"elementor-icon-list-icon\">\n\t\t\t\t\t\t\t<svg aria-hidden=\"true\" class=\"e-font-icon-svg e-fas-check\" viewBox=\"0 0 512 512\" xmlns=\"http:\/\/www.w3.org\/2000\/svg\"><path d=\"M173.898 439.404l-166.4-166.4c-9.997-9.997-9.997-26.206 0-36.204l36.203-36.204c9.997-9.998 26.207-9.998 36.204 0L192 312.69 432.095 72.596c9.997-9.997 26.207-9.997 36.204 0l36.203 36.204c9.997 9.997 9.997 26.206 0 36.204l-294.4 294.401c-9.998 9.997-26.207 9.997-36.204-.001z\"><\/path><\/svg>\t\t\t\t\t\t<\/span>\n\t\t\t\t\t\t\t\t\t\t<span class=\"elementor-icon-list-text\">Oferuje <b>bogaty wachlarz zaj\u0119\u0107 dodatkowych<\/b>: j\u0119zyk angielski, karate, szachy, rytmika, zabawy sensoryczne, logo-rytmika, gimnastyka korekcyjna, informatyka, zaj\u0119cia sportowo \u2013 rekreacyjne, religia oraz liczne ko\u0142a zainteresowa\u0144 (m.in.: ma\u0142y komputerek, ko\u0142o artystyczne, ko\u0142o kulinarne, eksperymenty   i do\u015bwiadczenia i in.)<\/span>\n\t\t\t\t\t\t\t\t\t<\/li>\n\t\t\t\t\t\t\t\t<li class=\"elementor-icon-list-item\">\n\t\t\t\t\t\t\t\t\t\t\t<span class=\"elementor-icon-list-icon\">\n\t\t\t\t\t\t\t<svg aria-hidden=\"true\" class=\"e-font-icon-svg e-fas-check\" viewBox=\"0 0 512 512\" xmlns=\"http:\/\/www.w3.org\/2000\/svg\"><path d=\"M173.898 439.404l-166.4-166.4c-9.997-9.997-9.997-26.206 0-36.204l36.203-36.204c9.997-9.998 26.207-9.998 36.204 0L192 312.69 432.095 72.596c9.997-9.997 26.207-9.997 36.204 0l36.203 36.204c9.997 9.997 9.997 26.206 0 36.204l-294.4 294.401c-9.998 9.997-26.207 9.997-36.204-.001z\"><\/path><\/svg>\t\t\t\t\t\t<\/span>\n\t\t\t\t\t\t\t\t\t\t<span class=\"elementor-icon-list-text\">Zapewnia <b>mi\u0142\u0105 i troskliw\u0105 opiek\u0119<\/b> wszystkich os\u00f3b maj\u0105cych kontakt z dzieckiem (w grupach m\u0142odszych prac\u0119 wychowawczy\u0144  wspomagaj\u0105 asystenci nauczyciela)<\/span>\n\t\t\t\t\t\t\t\t\t<\/li>\n\t\t\t\t\t\t\t\t<li class=\"elementor-icon-list-item\">\n\t\t\t\t\t\t\t\t\t\t\t<span class=\"elementor-icon-list-icon\">\n\t\t\t\t\t\t\t<svg aria-hidden=\"true\" class=\"e-font-icon-svg e-fas-check\" viewBox=\"0 0 512 512\" xmlns=\"http:\/\/www.w3.org\/2000\/svg\"><path d=\"M173.898 439.404l-166.4-166.4c-9.997-9.997-9.997-26.206 0-36.204l36.203-36.204c9.997-9.998 26.207-9.998 36.204 0L192 312.69 432.095 72.596c9.997-9.997 26.207-9.997 36.204 0l36.203 36.204c9.997 9.997 9.997 26.206 0 36.204l-294.4 294.401c-9.998 9.997-26.207 9.997-36.204-.001z\"><\/path><\/svg>\t\t\t\t\t\t<\/span>\n\t\t\t\t\t\t\t\t\t\t<span class=\"elementor-icon-list-text\">Oferuje pomoc: <b>psychologa, logopedy, terapeuty integracji sensorycznej, specjalisty wczesnego wspomagania rozwoju dziecka<\/b>  <\/span>\n\t\t\t\t\t\t\t\t\t<\/li>\n\t\t\t\t\t\t\t\t<li class=\"elementor-icon-list-item\">\n\t\t\t\t\t\t\t\t\t\t\t<span class=\"elementor-icon-list-icon\">\n\t\t\t\t\t\t\t<svg aria-hidden=\"true\" class=\"e-font-icon-svg e-fas-check\" viewBox=\"0 0 512 512\" xmlns=\"http:\/\/www.w3.org\/2000\/svg\"><path d=\"M173.898 439.404l-166.4-166.4c-9.997-9.997-9.997-26.206 0-36.204l36.203-36.204c9.997-9.998 26.207-9.998 36.204 0L192 312.69 432.095 72.596c9.997-9.997 26.207-9.997 36.204 0l36.203 36.204c9.997 9.997 9.997 26.206 0 36.204l-294.4 294.401c-9.998 9.997-26.207 9.997-36.204-.001z\"><\/path><\/svg>\t\t\t\t\t\t<\/span>\n\t\t\t\t\t\t\t\t\t\t<span class=\"elementor-icon-list-text\">Wsp\u00f3\u0142pracuje z <b>Poradni\u0105 Psychologiczno \u2013 Pedagogiczn\u0105 nr 2 w Bia\u0142ymstoku<\/b><\/span>\n\t\t\t\t\t\t\t\t\t<\/li>\n\t\t\t\t\t\t<\/ul>\n\t\t\t\t<\/div>\n\t\t\t\t<\/div>\n\t\t\t\t\t<\/div>\n\t\t<\/div>\n\t\t\t\t\t<\/div>\n\t\t<\/section>\n\t\t\t\t<\/div>\n\t\t","protected":false},"excerpt":{"rendered":"<p>Jeste\u015bmy RENOMOWANYM , niepublicznym przedszkolem z ponad 30 \u2013 letnim do\u015bwiadczeniem. Nasza kadra \u2013 to zgrane grono, \u015bwietnie przygotowanych metodycznie pasjonat\u00f3w. Kochamy to miejsce, uwielbiamy dzieci i ogromn\u0105 rado\u015b\u0107 sprawia nam ich u\u015bmiech i zadowolenie. Pozytywna samoocena jest motorem motywacji do dzia\u0142ania \u2013 budujemy zatem poczucie w\u0142asnej warto\u015bci u ka\u017cdego dziecka! NASZE PRZEDSZKOLE: Czynne jest [&hellip;]<\/p>\n","protected":false},"author":1,"featured_media":0,"parent":406,"menu_order":0,"comment_status":"closed","ping_status":"closed","template":"","meta":{"_acf_changed":false,"footnotes":""},"class_list":["post-488","page","type-page","status-publish","hentry"],"acf":[],"yoast_head":"<!-- This site is optimized with the Yoast SEO plugin v23.2 - https:\/\/yoast.com\/wordpress\/plugins\/seo\/ -->\n<title>Dlaczego my? - Przedszkole<\/title>\n<meta name=\"robots\" content=\"index, follow, max-snippet:-1, max-image-preview:large, max-video-preview:-1\" \/>\n<link rel=\"canonical\" href=\"https:\/\/naszaszkola.com.pl\/niepubliczne-przedszkole\/o-przedszkolu\/dlaczego-my\/\" \/>\n<meta property=\"og:locale\" content=\"pl_PL\" \/>\n<meta property=\"og:type\" content=\"article\" \/>\n<meta property=\"og:title\" content=\"Dlaczego my? - Przedszkole\" \/>\n<meta property=\"og:description\" content=\"Jeste\u015bmy RENOMOWANYM , niepublicznym przedszkolem z ponad 30 \u2013 letnim do\u015bwiadczeniem. Nasza kadra \u2013 to zgrane grono, \u015bwietnie przygotowanych metodycznie pasjonat\u00f3w. Kochamy to miejsce, uwielbiamy dzieci i ogromn\u0105 rado\u015b\u0107 sprawia nam ich u\u015bmiech i zadowolenie. Pozytywna samoocena jest motorem motywacji do dzia\u0142ania \u2013 budujemy zatem poczucie w\u0142asnej warto\u015bci u ka\u017cdego dziecka! NASZE PRZEDSZKOLE: Czynne jest [&hellip;]\" \/>\n<meta property=\"og:url\" content=\"https:\/\/naszaszkola.com.pl\/niepubliczne-przedszkole\/o-przedszkolu\/dlaczego-my\/\" \/>\n<meta property=\"og:site_name\" content=\"Przedszkole\" \/>\n<meta property=\"article:modified_time\" content=\"2024-10-07T09:01:33+00:00\" \/>\n<meta name=\"twitter:card\" content=\"summary_large_image\" \/>\n<meta name=\"twitter:label1\" content=\"Szacowany czas czytania\" \/>\n\t<meta name=\"twitter:data1\" content=\"2 minuty\" \/>\n<script type=\"application\/ld+json\" class=\"yoast-schema-graph\">{\"@context\":\"https:\/\/schema.org\",\"@graph\":[{\"@type\":\"WebPage\",\"@id\":\"https:\/\/naszaszkola.com.pl\/niepubliczne-przedszkole\/o-przedszkolu\/dlaczego-my\/\",\"url\":\"https:\/\/naszaszkola.com.pl\/niepubliczne-przedszkole\/o-przedszkolu\/dlaczego-my\/\",\"name\":\"Dlaczego my? - Przedszkole\",\"isPartOf\":{\"@id\":\"https:\/\/naszaszkola.com.pl\/niepubliczne-przedszkole\/#website\"},\"datePublished\":\"2024-08-19T10:48:27+00:00\",\"dateModified\":\"2024-10-07T09:01:33+00:00\",\"breadcrumb\":{\"@id\":\"https:\/\/naszaszkola.com.pl\/niepubliczne-przedszkole\/o-przedszkolu\/dlaczego-my\/#breadcrumb\"},\"inLanguage\":\"pl-PL\",\"potentialAction\":[{\"@type\":\"ReadAction\",\"target\":[\"https:\/\/naszaszkola.com.pl\/niepubliczne-przedszkole\/o-przedszkolu\/dlaczego-my\/\"]}]},{\"@type\":\"BreadcrumbList\",\"@id\":\"https:\/\/naszaszkola.com.pl\/niepubliczne-przedszkole\/o-przedszkolu\/dlaczego-my\/#breadcrumb\",\"itemListElement\":[{\"@type\":\"ListItem\",\"position\":1,\"name\":\"Strona g\u0142\u00f3wna\",\"item\":\"https:\/\/naszaszkola.com.pl\/niepubliczne-przedszkole\/\"},{\"@type\":\"ListItem\",\"position\":2,\"name\":\"O przedszkolu\",\"item\":\"https:\/\/naszaszkola.com.pl\/niepubliczne-przedszkole\/o-przedszkolu\/\"},{\"@type\":\"ListItem\",\"position\":3,\"name\":\"Dlaczego my?\"}]},{\"@type\":\"WebSite\",\"@id\":\"https:\/\/naszaszkola.com.pl\/niepubliczne-przedszkole\/#website\",\"url\":\"https:\/\/naszaszkola.com.pl\/niepubliczne-przedszkole\/\",\"name\":\"Przedszkole\",\"description\":\"Przedszkole\",\"potentialAction\":[{\"@type\":\"SearchAction\",\"target\":{\"@type\":\"EntryPoint\",\"urlTemplate\":\"https:\/\/naszaszkola.com.pl\/niepubliczne-przedszkole\/?s={search_term_string}\"},\"query-input\":\"required name=search_term_string\"}],\"inLanguage\":\"pl-PL\"}]}<\/script>\n<!-- \/ Yoast SEO plugin. -->","yoast_head_json":{"title":"Dlaczego my? - Przedszkole","robots":{"index":"index","follow":"follow","max-snippet":"max-snippet:-1","max-image-preview":"max-image-preview:large","max-video-preview":"max-video-preview:-1"},"canonical":"https:\/\/naszaszkola.com.pl\/niepubliczne-przedszkole\/o-przedszkolu\/dlaczego-my\/","og_locale":"pl_PL","og_type":"article","og_title":"Dlaczego my? - Przedszkole","og_description":"Jeste\u015bmy RENOMOWANYM , niepublicznym przedszkolem z ponad 30 \u2013 letnim do\u015bwiadczeniem. Nasza kadra \u2013 to zgrane grono, \u015bwietnie przygotowanych metodycznie pasjonat\u00f3w. Kochamy to miejsce, uwielbiamy dzieci i ogromn\u0105 rado\u015b\u0107 sprawia nam ich u\u015bmiech i zadowolenie. Pozytywna samoocena jest motorem motywacji do dzia\u0142ania \u2013 budujemy zatem poczucie w\u0142asnej warto\u015bci u ka\u017cdego dziecka! NASZE PRZEDSZKOLE: Czynne jest [&hellip;]","og_url":"https:\/\/naszaszkola.com.pl\/niepubliczne-przedszkole\/o-przedszkolu\/dlaczego-my\/","og_site_name":"Przedszkole","article_modified_time":"2024-10-07T09:01:33+00:00","twitter_card":"summary_large_image","twitter_misc":{"Szacowany czas czytania":"2 minuty"},"schema":{"@context":"https:\/\/schema.org","@graph":[{"@type":"WebPage","@id":"https:\/\/naszaszkola.com.pl\/niepubliczne-przedszkole\/o-przedszkolu\/dlaczego-my\/","url":"https:\/\/naszaszkola.com.pl\/niepubliczne-przedszkole\/o-przedszkolu\/dlaczego-my\/","name":"Dlaczego my? - Przedszkole","isPartOf":{"@id":"https:\/\/naszaszkola.com.pl\/niepubliczne-przedszkole\/#website"},"datePublished":"2024-08-19T10:48:27+00:00","dateModified":"2024-10-07T09:01:33+00:00","breadcrumb":{"@id":"https:\/\/naszaszkola.com.pl\/niepubliczne-przedszkole\/o-przedszkolu\/dlaczego-my\/#breadcrumb"},"inLanguage":"pl-PL","potentialAction":[{"@type":"ReadAction","target":["https:\/\/naszaszkola.com.pl\/niepubliczne-przedszkole\/o-przedszkolu\/dlaczego-my\/"]}]},{"@type":"BreadcrumbList","@id":"https:\/\/naszaszkola.com.pl\/niepubliczne-przedszkole\/o-przedszkolu\/dlaczego-my\/#breadcrumb","itemListElement":[{"@type":"ListItem","position":1,"name":"Strona g\u0142\u00f3wna","item":"https:\/\/naszaszkola.com.pl\/niepubliczne-przedszkole\/"},{"@type":"ListItem","position":2,"name":"O przedszkolu","item":"https:\/\/naszaszkola.com.pl\/niepubliczne-przedszkole\/o-przedszkolu\/"},{"@type":"ListItem","position":3,"name":"Dlaczego my?"}]},{"@type":"WebSite","@id":"https:\/\/naszaszkola.com.pl\/niepubliczne-przedszkole\/#website","url":"https:\/\/naszaszkola.com.pl\/niepubliczne-przedszkole\/","name":"Przedszkole","description":"Przedszkole","potentialAction":[{"@type":"SearchAction","target":{"@type":"EntryPoint","urlTemplate":"https:\/\/naszaszkola.com.pl\/niepubliczne-przedszkole\/?s={search_term_string}"},"query-input":"required name=search_term_string"}],"inLanguage":"pl-PL"}]}},"_links":{"self":[{"href":"https:\/\/naszaszkola.com.pl\/niepubliczne-przedszkole\/wp-json\/wp\/v2\/pages\/488","targetHints":{"allow":["GET"]}}],"collection":[{"href":"https:\/\/naszaszkola.com.pl\/niepubliczne-przedszkole\/wp-json\/wp\/v2\/pages"}],"about":[{"href":"https:\/\/naszaszkola.com.pl\/niepubliczne-przedszkole\/wp-json\/wp\/v2\/types\/page"}],"author":[{"embeddable":true,"href":"https:\/\/naszaszkola.com.pl\/niepubliczne-przedszkole\/wp-json\/wp\/v2\/users\/1"}],"replies":[{"embeddable":true,"href":"https:\/\/naszaszkola.com.pl\/niepubliczne-przedszkole\/wp-json\/wp\/v2\/comments?post=488"}],"version-history":[{"count":24,"href":"https:\/\/naszaszkola.com.pl\/niepubliczne-przedszkole\/wp-json\/wp\/v2\/pages\/488\/revisions"}],"predecessor-version":[{"id":820,"href":"https:\/\/naszaszkola.com.pl\/niepubliczne-przedszkole\/wp-json\/wp\/v2\/pages\/488\/revisions\/820"}],"up":[{"embeddable":true,"href":"https:\/\/naszaszkola.com.pl\/niepubliczne-przedszkole\/wp-json\/wp\/v2\/pages\/406"}],"wp:attachment":[{"href":"https:\/\/naszaszkola.com.pl\/niepubliczne-przedszkole\/wp-json\/wp\/v2\/media?parent=488"}],"curies":[{"name":"wp","href":"https:\/\/api.w.org\/{rel}","templated":true}]}}