{"id":640,"date":"2024-10-01T09:18:01","date_gmt":"2024-10-01T09:18:01","guid":{"rendered":"https:\/\/naszaszkola.com.pl\/niepubliczne-przedszkole\/o-szkole\/stroj-copy\/"},"modified":"2025-04-13T12:49:20","modified_gmt":"2025-04-13T12:49:20","slug":"zajecia-dodatkowe","status":"publish","type":"page","link":"https:\/\/naszaszkola.com.pl\/niepubliczne-przedszkole\/zajecia-dodatkowe\/","title":{"rendered":"Zaj\u0119cia dodatkowe"},"content":{"rendered":"\t\t<div data-elementor-type=\"wp-page\" data-elementor-id=\"640\" class=\"elementor elementor-640\" data-elementor-post-type=\"page\">\n\t\t\t\t<div class=\"elementor-element elementor-element-1533447 e-con-full e-flex e-con e-parent\" data-id=\"1533447\" data-element_type=\"container\">\n\t\t\t\t<div class=\"elementor-element elementor-element-55f26f7 elementor-widget elementor-widget-text-editor\" data-id=\"55f26f7\" data-element_type=\"widget\" data-widget_type=\"text-editor.default\">\n\t\t\t\t<div class=\"elementor-widget-container\">\n\t\t\t\t\t\t\t<p>Dbaj\u0105c o najwy\u017csz\u0105 jako\u015b\u0107, prowadzenie zaj\u0119\u0107 powierzyli\u015bmy grupie sprawdzonych instruktor\u00f3w, lektor\u00f3w, trener\u00f3w i terapeut\u00f3w. S\u0105 to wysokiej klasy specjali\u015bci w poszczeg\u00f3lnych dziedzinach, kt\u00f3rzy posiadaj\u0105 bogate do\u015bwiadczenie oraz doskona\u0142y kontakt z dzie\u0107mi.\u00a0<\/p><div>Zach\u0119camy do skorzystania z bogatego wachlarza zaj\u0119\u0107 dodatkowych organizowanych przez:<\/div>\t\t\t\t\t\t<\/div>\n\t\t\t\t<\/div>\n\t\t\t\t<div class=\"elementor-element elementor-element-d9a65e9 elementor-widget elementor-widget-button\" data-id=\"d9a65e9\" data-element_type=\"widget\" data-widget_type=\"button.default\">\n\t\t\t\t<div class=\"elementor-widget-container\">\n\t\t\t\t\t<div class=\"elementor-button-wrapper\">\n\t\t\t<a class=\"elementor-button elementor-button-link elementor-size-sm\" href=\"https:\/\/technosowa.pl\/\">\n\t\t\t\t\t\t<span class=\"elementor-button-content-wrapper\">\n\t\t\t\t\t\t\t\t\t<span class=\"elementor-button-text\">Wi\u0119cej informacji<\/span>\n\t\t\t\t\t<\/span>\n\t\t\t\t\t<\/a>\n\t\t<\/div>\n\t\t\t\t<\/div>\n\t\t\t\t<\/div>\n\t\t\t\t<div class=\"elementor-element elementor-element-cac349a elementor-widget elementor-widget-image\" data-id=\"cac349a\" data-element_type=\"widget\" data-widget_type=\"image.default\">\n\t\t\t\t<div class=\"elementor-widget-container\">\n\t\t\t\t\t\t\t\t\t\t\t\t\t\t<a href=\"https:\/\/technosowa.pl\/\">\n\t\t\t\t\t\t\t<img fetchpriority=\"high\" decoding=\"async\" width=\"800\" height=\"137\" src=\"https:\/\/naszaszkola.com.pl\/niepubliczne-przedszkole\/wp-content\/uploads\/2025\/04\/techno-sowa-logo-1024x175.webp\" class=\"attachment-large size-large wp-image-977\" alt=\"\" srcset=\"https:\/\/naszaszkola.com.pl\/niepubliczne-przedszkole\/wp-content\/uploads\/2025\/04\/techno-sowa-logo-1024x175.webp 1024w, https:\/\/naszaszkola.com.pl\/niepubliczne-przedszkole\/wp-content\/uploads\/2025\/04\/techno-sowa-logo-300x51.webp 300w, https:\/\/naszaszkola.com.pl\/niepubliczne-przedszkole\/wp-content\/uploads\/2025\/04\/techno-sowa-logo-768x131.webp 768w, https:\/\/naszaszkola.com.pl\/niepubliczne-przedszkole\/wp-content\/uploads\/2025\/04\/techno-sowa-logo.webp 1201w\" sizes=\"(max-width: 800px) 100vw, 800px\" \/>\t\t\t\t\t\t\t\t<\/a>\n\t\t\t\t\t\t\t\t\t\t\t\t\t<\/div>\n\t\t\t\t<\/div>\n\t\t\t\t<div class=\"elementor-element elementor-element-9c43532 elementor-hidden-desktop elementor-hidden-tablet elementor-hidden-mobile elementor-widget elementor-widget-gallery\" data-id=\"9c43532\" data-element_type=\"widget\" data-settings=\"{&quot;lazyload&quot;:&quot;yes&quot;,&quot;gallery_layout&quot;:&quot;grid&quot;,&quot;columns&quot;:4,&quot;columns_tablet&quot;:2,&quot;columns_mobile&quot;:1,&quot;gap&quot;:{&quot;unit&quot;:&quot;px&quot;,&quot;size&quot;:10,&quot;sizes&quot;:[]},&quot;gap_tablet&quot;:{&quot;unit&quot;:&quot;px&quot;,&quot;size&quot;:10,&quot;sizes&quot;:[]},&quot;gap_mobile&quot;:{&quot;unit&quot;:&quot;px&quot;,&quot;size&quot;:10,&quot;sizes&quot;:[]},&quot;link_to&quot;:&quot;file&quot;,&quot;aspect_ratio&quot;:&quot;3:2&quot;,&quot;overlay_background&quot;:&quot;yes&quot;,&quot;content_hover_animation&quot;:&quot;fade-in&quot;}\" data-widget_type=\"gallery.default\">\n\t\t\t\t<div class=\"elementor-widget-container\">\n\t\t\t\t\t<div class=\"elementor-gallery__container\">\n\t\t\t\t\t\t\t<a class=\"e-gallery-item elementor-gallery-item elementor-animated-content\" href=\"https:\/\/naszaszkola.com.pl\/niepubliczne-przedszkole\/wp-content\/uploads\/2024\/08\/schoolchildren-sitting-at-desks-and-looking-away-d-2023-11-27-05-30-48-utc.jpg\" data-elementor-open-lightbox=\"yes\" data-elementor-lightbox-slideshow=\"9c43532\" data-elementor-lightbox-title=\"schoolchildren sitting at desks and looking away during lesson in library\" data-e-action-hash=\"#elementor-action%3Aaction%3Dlightbox%26settings%3DeyJpZCI6MTcwLCJ1cmwiOiJodHRwczpcL1wvbmFzemFzemtvbGEuY29tLnBsXC9uaWVwdWJsaWN6bmUtcHJ6ZWRzemtvbGVcL3dwLWNvbnRlbnRcL3VwbG9hZHNcLzIwMjRcLzA4XC9zY2hvb2xjaGlsZHJlbi1zaXR0aW5nLWF0LWRlc2tzLWFuZC1sb29raW5nLWF3YXktZC0yMDIzLTExLTI3LTA1LTMwLTQ4LXV0Yy5qcGciLCJzbGlkZXNob3ciOiI5YzQzNTMyIn0%3D\">\n\t\t\t\t\t<div class=\"e-gallery-image elementor-gallery-item__image\" data-thumbnail=\"https:\/\/naszaszkola.com.pl\/niepubliczne-przedszkole\/wp-content\/uploads\/2024\/08\/schoolchildren-sitting-at-desks-and-looking-away-d-2023-11-27-05-30-48-utc.jpg\" data-width=\"1800\" data-height=\"1201\" aria-label=\"\" role=\"img\" ><\/div>\n\t\t\t\t\t\t\t\t\t\t\t<div class=\"elementor-gallery-item__overlay\"><\/div>\n\t\t\t\t\t\t\t\t\t\t\t\t\t\t<\/a>\n\t\t\t\t\t<\/div>\n\t\t\t<\/div>\n\t\t\t\t<\/div>\n\t\t\t\t<\/div>\n\t\t\t\t<\/div>\n\t\t","protected":false},"excerpt":{"rendered":"<p>Dbaj\u0105c o najwy\u017csz\u0105 jako\u015b\u0107, prowadzenie zaj\u0119\u0107 powierzyli\u015bmy grupie sprawdzonych instruktor\u00f3w, lektor\u00f3w, trener\u00f3w i terapeut\u00f3w. S\u0105 to wysokiej klasy specjali\u015bci w poszczeg\u00f3lnych dziedzinach, kt\u00f3rzy posiadaj\u0105 bogate do\u015bwiadczenie oraz doskona\u0142y kontakt z dzie\u0107mi.\u00a0 Zach\u0119camy do skorzystania z bogatego wachlarza zaj\u0119\u0107 dodatkowych organizowanych przez: Wi\u0119cej informacji<\/p>\n","protected":false},"author":1,"featured_media":0,"parent":0,"menu_order":0,"comment_status":"closed","ping_status":"closed","template":"","meta":{"_acf_changed":false,"footnotes":""},"class_list":["post-640","page","type-page","status-publish","hentry"],"acf":[],"yoast_head":"<!-- This site is optimized with the Yoast SEO plugin v23.2 - https:\/\/yoast.com\/wordpress\/plugins\/seo\/ -->\n<title>Zaj\u0119cia dodatkowe - Przedszkole<\/title>\n<meta name=\"robots\" content=\"index, follow, max-snippet:-1, max-image-preview:large, max-video-preview:-1\" \/>\n<link rel=\"canonical\" href=\"https:\/\/naszaszkola.com.pl\/niepubliczne-przedszkole\/zajecia-dodatkowe\/\" \/>\n<meta property=\"og:locale\" content=\"pl_PL\" \/>\n<meta property=\"og:type\" content=\"article\" \/>\n<meta property=\"og:title\" content=\"Zaj\u0119cia dodatkowe - Przedszkole\" \/>\n<meta property=\"og:description\" content=\"Dbaj\u0105c o najwy\u017csz\u0105 jako\u015b\u0107, prowadzenie zaj\u0119\u0107 powierzyli\u015bmy grupie sprawdzonych instruktor\u00f3w, lektor\u00f3w, trener\u00f3w i terapeut\u00f3w. S\u0105 to wysokiej klasy specjali\u015bci w poszczeg\u00f3lnych dziedzinach, kt\u00f3rzy posiadaj\u0105 bogate do\u015bwiadczenie oraz doskona\u0142y kontakt z dzie\u0107mi.\u00a0 Zach\u0119camy do skorzystania z bogatego wachlarza zaj\u0119\u0107 dodatkowych organizowanych przez: Wi\u0119cej informacji\" \/>\n<meta property=\"og:url\" content=\"https:\/\/naszaszkola.com.pl\/niepubliczne-przedszkole\/zajecia-dodatkowe\/\" \/>\n<meta property=\"og:site_name\" content=\"Przedszkole\" \/>\n<meta property=\"article:modified_time\" content=\"2025-04-13T12:49:20+00:00\" \/>\n<meta property=\"og:image\" content=\"https:\/\/naszaszkola.com.pl\/niepubliczne-przedszkole\/wp-content\/uploads\/2025\/04\/techno-sowa-logo-1024x175.webp\" \/>\n<meta name=\"twitter:card\" content=\"summary_large_image\" \/>\n<meta name=\"twitter:label1\" content=\"Szacowany czas czytania\" \/>\n\t<meta name=\"twitter:data1\" content=\"1 minuta\" \/>\n<script type=\"application\/ld+json\" class=\"yoast-schema-graph\">{\"@context\":\"https:\/\/schema.org\",\"@graph\":[{\"@type\":\"WebPage\",\"@id\":\"https:\/\/naszaszkola.com.pl\/niepubliczne-przedszkole\/zajecia-dodatkowe\/\",\"url\":\"https:\/\/naszaszkola.com.pl\/niepubliczne-przedszkole\/zajecia-dodatkowe\/\",\"name\":\"Zaj\u0119cia dodatkowe - Przedszkole\",\"isPartOf\":{\"@id\":\"https:\/\/naszaszkola.com.pl\/niepubliczne-przedszkole\/#website\"},\"primaryImageOfPage\":{\"@id\":\"https:\/\/naszaszkola.com.pl\/niepubliczne-przedszkole\/zajecia-dodatkowe\/#primaryimage\"},\"image\":{\"@id\":\"https:\/\/naszaszkola.com.pl\/niepubliczne-przedszkole\/zajecia-dodatkowe\/#primaryimage\"},\"thumbnailUrl\":\"https:\/\/naszaszkola.com.pl\/niepubliczne-przedszkole\/wp-content\/uploads\/2025\/04\/techno-sowa-logo-1024x175.webp\",\"datePublished\":\"2024-10-01T09:18:01+00:00\",\"dateModified\":\"2025-04-13T12:49:20+00:00\",\"breadcrumb\":{\"@id\":\"https:\/\/naszaszkola.com.pl\/niepubliczne-przedszkole\/zajecia-dodatkowe\/#breadcrumb\"},\"inLanguage\":\"pl-PL\",\"potentialAction\":[{\"@type\":\"ReadAction\",\"target\":[\"https:\/\/naszaszkola.com.pl\/niepubliczne-przedszkole\/zajecia-dodatkowe\/\"]}]},{\"@type\":\"ImageObject\",\"inLanguage\":\"pl-PL\",\"@id\":\"https:\/\/naszaszkola.com.pl\/niepubliczne-przedszkole\/zajecia-dodatkowe\/#primaryimage\",\"url\":\"https:\/\/naszaszkola.com.pl\/niepubliczne-przedszkole\/wp-content\/uploads\/2025\/04\/techno-sowa-logo.webp\",\"contentUrl\":\"https:\/\/naszaszkola.com.pl\/niepubliczne-przedszkole\/wp-content\/uploads\/2025\/04\/techno-sowa-logo.webp\",\"width\":1201,\"height\":205},{\"@type\":\"BreadcrumbList\",\"@id\":\"https:\/\/naszaszkola.com.pl\/niepubliczne-przedszkole\/zajecia-dodatkowe\/#breadcrumb\",\"itemListElement\":[{\"@type\":\"ListItem\",\"position\":1,\"name\":\"Strona g\u0142\u00f3wna\",\"item\":\"https:\/\/naszaszkola.com.pl\/niepubliczne-przedszkole\/\"},{\"@type\":\"ListItem\",\"position\":2,\"name\":\"Zaj\u0119cia dodatkowe\"}]},{\"@type\":\"WebSite\",\"@id\":\"https:\/\/naszaszkola.com.pl\/niepubliczne-przedszkole\/#website\",\"url\":\"https:\/\/naszaszkola.com.pl\/niepubliczne-przedszkole\/\",\"name\":\"Przedszkole\",\"description\":\"Przedszkole\",\"potentialAction\":[{\"@type\":\"SearchAction\",\"target\":{\"@type\":\"EntryPoint\",\"urlTemplate\":\"https:\/\/naszaszkola.com.pl\/niepubliczne-przedszkole\/?s={search_term_string}\"},\"query-input\":\"required name=search_term_string\"}],\"inLanguage\":\"pl-PL\"}]}<\/script>\n<!-- \/ Yoast SEO plugin. -->","yoast_head_json":{"title":"Zaj\u0119cia dodatkowe - Przedszkole","robots":{"index":"index","follow":"follow","max-snippet":"max-snippet:-1","max-image-preview":"max-image-preview:large","max-video-preview":"max-video-preview:-1"},"canonical":"https:\/\/naszaszkola.com.pl\/niepubliczne-przedszkole\/zajecia-dodatkowe\/","og_locale":"pl_PL","og_type":"article","og_title":"Zaj\u0119cia dodatkowe - Przedszkole","og_description":"Dbaj\u0105c o najwy\u017csz\u0105 jako\u015b\u0107, prowadzenie zaj\u0119\u0107 powierzyli\u015bmy grupie sprawdzonych instruktor\u00f3w, lektor\u00f3w, trener\u00f3w i terapeut\u00f3w. S\u0105 to wysokiej klasy specjali\u015bci w poszczeg\u00f3lnych dziedzinach, kt\u00f3rzy posiadaj\u0105 bogate do\u015bwiadczenie oraz doskona\u0142y kontakt z dzie\u0107mi.\u00a0 Zach\u0119camy do skorzystania z bogatego wachlarza zaj\u0119\u0107 dodatkowych organizowanych przez: Wi\u0119cej informacji","og_url":"https:\/\/naszaszkola.com.pl\/niepubliczne-przedszkole\/zajecia-dodatkowe\/","og_site_name":"Przedszkole","article_modified_time":"2025-04-13T12:49:20+00:00","og_image":[{"url":"https:\/\/naszaszkola.com.pl\/niepubliczne-przedszkole\/wp-content\/uploads\/2025\/04\/techno-sowa-logo-1024x175.webp"}],"twitter_card":"summary_large_image","twitter_misc":{"Szacowany czas czytania":"1 minuta"},"schema":{"@context":"https:\/\/schema.org","@graph":[{"@type":"WebPage","@id":"https:\/\/naszaszkola.com.pl\/niepubliczne-przedszkole\/zajecia-dodatkowe\/","url":"https:\/\/naszaszkola.com.pl\/niepubliczne-przedszkole\/zajecia-dodatkowe\/","name":"Zaj\u0119cia dodatkowe - Przedszkole","isPartOf":{"@id":"https:\/\/naszaszkola.com.pl\/niepubliczne-przedszkole\/#website"},"primaryImageOfPage":{"@id":"https:\/\/naszaszkola.com.pl\/niepubliczne-przedszkole\/zajecia-dodatkowe\/#primaryimage"},"image":{"@id":"https:\/\/naszaszkola.com.pl\/niepubliczne-przedszkole\/zajecia-dodatkowe\/#primaryimage"},"thumbnailUrl":"https:\/\/naszaszkola.com.pl\/niepubliczne-przedszkole\/wp-content\/uploads\/2025\/04\/techno-sowa-logo-1024x175.webp","datePublished":"2024-10-01T09:18:01+00:00","dateModified":"2025-04-13T12:49:20+00:00","breadcrumb":{"@id":"https:\/\/naszaszkola.com.pl\/niepubliczne-przedszkole\/zajecia-dodatkowe\/#breadcrumb"},"inLanguage":"pl-PL","potentialAction":[{"@type":"ReadAction","target":["https:\/\/naszaszkola.com.pl\/niepubliczne-przedszkole\/zajecia-dodatkowe\/"]}]},{"@type":"ImageObject","inLanguage":"pl-PL","@id":"https:\/\/naszaszkola.com.pl\/niepubliczne-przedszkole\/zajecia-dodatkowe\/#primaryimage","url":"https:\/\/naszaszkola.com.pl\/niepubliczne-przedszkole\/wp-content\/uploads\/2025\/04\/techno-sowa-logo.webp","contentUrl":"https:\/\/naszaszkola.com.pl\/niepubliczne-przedszkole\/wp-content\/uploads\/2025\/04\/techno-sowa-logo.webp","width":1201,"height":205},{"@type":"BreadcrumbList","@id":"https:\/\/naszaszkola.com.pl\/niepubliczne-przedszkole\/zajecia-dodatkowe\/#breadcrumb","itemListElement":[{"@type":"ListItem","position":1,"name":"Strona g\u0142\u00f3wna","item":"https:\/\/naszaszkola.com.pl\/niepubliczne-przedszkole\/"},{"@type":"ListItem","position":2,"name":"Zaj\u0119cia dodatkowe"}]},{"@type":"WebSite","@id":"https:\/\/naszaszkola.com.pl\/niepubliczne-przedszkole\/#website","url":"https:\/\/naszaszkola.com.pl\/niepubliczne-przedszkole\/","name":"Przedszkole","description":"Przedszkole","potentialAction":[{"@type":"SearchAction","target":{"@type":"EntryPoint","urlTemplate":"https:\/\/naszaszkola.com.pl\/niepubliczne-przedszkole\/?s={search_term_string}"},"query-input":"required name=search_term_string"}],"inLanguage":"pl-PL"}]}},"_links":{"self":[{"href":"https:\/\/naszaszkola.com.pl\/niepubliczne-przedszkole\/wp-json\/wp\/v2\/pages\/640","targetHints":{"allow":["GET"]}}],"collection":[{"href":"https:\/\/naszaszkola.com.pl\/niepubliczne-przedszkole\/wp-json\/wp\/v2\/pages"}],"about":[{"href":"https:\/\/naszaszkola.com.pl\/niepubliczne-przedszkole\/wp-json\/wp\/v2\/types\/page"}],"author":[{"embeddable":true,"href":"https:\/\/naszaszkola.com.pl\/niepubliczne-przedszkole\/wp-json\/wp\/v2\/users\/1"}],"replies":[{"embeddable":true,"href":"https:\/\/naszaszkola.com.pl\/niepubliczne-przedszkole\/wp-json\/wp\/v2\/comments?post=640"}],"version-history":[{"count":13,"href":"https:\/\/naszaszkola.com.pl\/niepubliczne-przedszkole\/wp-json\/wp\/v2\/pages\/640\/revisions"}],"predecessor-version":[{"id":980,"href":"https:\/\/naszaszkola.com.pl\/niepubliczne-przedszkole\/wp-json\/wp\/v2\/pages\/640\/revisions\/980"}],"wp:attachment":[{"href":"https:\/\/naszaszkola.com.pl\/niepubliczne-przedszkole\/wp-json\/wp\/v2\/media?parent=640"}],"curies":[{"name":"wp","href":"https:\/\/api.w.org\/{rel}","templated":true}]}}